{"id":286,"date":"2021-12-02T04:14:54","date_gmt":"2021-12-02T04:14:54","guid":{"rendered":"https:\/\/stage.startertemplatecloud.com\/g23\/?page_id=286"},"modified":"2025-02-24T21:34:17","modified_gmt":"2025-02-24T20:34:17","slug":"our-donors","status":"publish","type":"page","link":"https:\/\/lecourtildequincieux.fr\/?page_id=286","title":{"rendered":"Nos partenaires"},"content":{"rendered":"\n<p>On ne construit pas un projet de ferme collective tout seul ! Nous avons la chance d&rsquo;\u00eatre accompagn\u00e9 par de nombreux partenaires et amis.<\/p>\n\n\n\n<h2 class=\"wp-block-heading\">Les Fermes Partag\u00e9es (<a href=\"https:\/\/lesfermespartagees.coop\/\">https:\/\/lesfermespartagees.coop\/<\/a>)<\/h2>\n\n\n\n<p>Les Fermes Partag\u00e9es est une coop\u00e9rative situ\u00e9e \u00e0 Lyon, sous la forme d\u2019une SCIC (Soci\u00e9t\u00e9 Coop\u00e9rative d\u2019Int\u00e9r\u00eat Collectif) avec un objet social CAE (Coop\u00e9rative d\u2019Activit\u00e9s et d\u2019Entrepreneur.e.s) pens\u00e9e et construite par et pour les paysan.e.s. Ses membres fondateurs sont trois fermes historiques de la r\u00e9gion Aura sous statut coop\u00e9ratif : La SCOP Ferme des Volonteux, La SCOP Ferme de Chalonne et la SCIC Ferme la Cl\u00e9 des Sables, ainsi que 2 coop\u00e9ratives situ\u00e9es \u00e0 l&rsquo;aval de la production : le Grap (Groupement R\u00e9gional Alimentaire de Proximit\u00e9) et La Carline (\u00e9picerie bio coop\u00e9rative historique du Diois).<\/p>\n\n\n\n<figure class=\"wp-block-image size-full is-resized\"><img decoding=\"async\" src=\"https:\/\/lesfermespartagees.coop\/wp-content\/uploads\/2022\/04\/LFP-Logo-couleurs-1.svg\" alt=\"\" class=\"wp-image-145\" style=\"object-fit:cover;width:329px;height:120px\"\/><\/figure>\n\n\n\n<div style=\"height:40px\" aria-hidden=\"true\" class=\"wp-block-spacer\"><\/div>\n\n\n\n<h2 class=\"wp-block-heading\">Sa\u00f4nessence (<a href=\"https:\/\/saonessence.fr\" target=\"_blank\" rel=\"noreferrer noopener\">saonessence.fr<\/a>)<\/h2>\n\n\n\n<p>La couveuse d\u2019initiatives Sa\u00f4nessence accompagne tout porteur d\u2019intention de transition sociale et \u00e9cologique, au nord de la M\u00e9tropole de Lyon, sur les 4 \u00e9tapes d\u2019\u00e9mergence, incubation, croissance, transformation. Nous activons et outillons les dynamique de fili\u00e8re locales. Sa\u00f4nessence est tr\u00e8s active dans le Val de Sa\u00f4ne et autour de la ferme !<\/p>\n\n\n\n<figure class=\"wp-block-image size-full is-resized\"><img fetchpriority=\"high\" decoding=\"async\" width=\"474\" height=\"317\" src=\"https:\/\/lecourtildequincieux.fr\/wp-content\/uploads\/2024\/04\/th-1279790772.jpg\" alt=\"\" class=\"wp-image-954\" style=\"object-fit:cover;width:180px;height:120px\" srcset=\"https:\/\/lecourtildequincieux.fr\/wp-content\/uploads\/2024\/04\/th-1279790772.jpg 474w, https:\/\/lecourtildequincieux.fr\/wp-content\/uploads\/2024\/04\/th-1279790772-300x201.jpg 300w\" sizes=\"(max-width: 474px) 100vw, 474px\" \/><\/figure>\n\n\n\n<div style=\"height:40px\" aria-hidden=\"true\" class=\"wp-block-spacer\"><\/div>\n\n\n\n<h2 class=\"wp-block-heading\">Les CIGALES Auvergne-Rh\u00f4ne-Alpes (<a href=\"https:\/\/www.cigales-aura.fr\/\">https:\/\/www.cigales-aura.fr\/<\/a>)<\/h2>\n\n\n\n<p>Compl\u00e9ment ou alternative aux financements bancaires classiques, un club CIGALES accompagne l\u2019\u00e9mergence et le d\u00e9veloppement de petites et moyennes entreprises, de coop\u00e9ratives, d\u2019associations sur le territoire o\u00f9 le club est implant\u00e9.<\/p>\n\n\n\n<p>3 clubs CIGALES accompagnent le Courtil de Quincieux, <strong>financi\u00e8rement (apport en capital <\/strong>\u00e0 rembourser au bout de 5 ans<strong>) <\/strong>et <strong>humainement (<\/strong>les cigaliers peuvent apporter des comp\u00e9tences, de l\u2019aide, une prise de recul aux porteurs de projet) : Cigales Les Sous-Pape, Cigales Ador\u00e9es et Pass Cigal\u00e8re.<\/p>\n\n\n\n<figure class=\"wp-block-image is-resized\"><img decoding=\"async\" width=\"474\" height=\"272\" src=\"https:\/\/lecourtildequincieux.fr\/wp-content\/uploads\/2024\/07\/LogoclubCIGALES-1291757519.png\" alt=\"\" class=\"wp-image-997\" style=\"width:180px\" srcset=\"https:\/\/lecourtildequincieux.fr\/wp-content\/uploads\/2024\/07\/LogoclubCIGALES-1291757519.png 474w, https:\/\/lecourtildequincieux.fr\/wp-content\/uploads\/2024\/07\/LogoclubCIGALES-1291757519-300x172.png 300w\" sizes=\"(max-width: 474px) 100vw, 474px\" \/><\/figure>\n\n\n\n<div style=\"height:40px\" aria-hidden=\"true\" class=\"wp-block-spacer\"><\/div>\n\n\n\n<h2 class=\"wp-block-heading\">L&rsquo;Union R\u00e9gionale des SCIC et SCOP (<a href=\"http:\/\/www.scop.org\">scop.org<\/a>)<\/h2>\n\n\n\n<p>L\u2019Union r\u00e9gionale encourage et accompagne la cr\u00e9ation des entreprises coop\u00e9ratives, de toute taille ou secteur, imaginer l\u2019entreprise diff\u00e9remment.<\/p>\n\n\n\n<div style=\"height:40px\" aria-hidden=\"true\" class=\"wp-block-spacer\"><\/div>\n\n\n\n<h2 class=\"wp-block-heading\">La M\u00e9tropole du Grand Lyon<\/h2>\n\n\n\n<p>La M\u00e9tropole de Lyon accompagne, via diff\u00e9rents projets et financements, le d\u00e9veloppement de l&rsquo;agriculture biologique, locale, agro-\u00e9cologique. Au Courtil par exemple, des financements PENAP poru r\u00e9nover les b\u00e2timents et am\u00e9liorer les points de vente, ou le Marathon de la Biodiversit\u00e9 qui finance la plantation de haies tout autour de la ferme !<\/p>\n\n\n\n<figure class=\"wp-block-image size-full is-resized\"><img decoding=\"async\" width=\"560\" height=\"196\" src=\"https:\/\/lecourtildequincieux.fr\/wp-content\/uploads\/2024\/08\/langfr-560px-Logo_Metropole_Lyon_-_2022.svg-4053701569.png\" alt=\"\" class=\"wp-image-1010\" style=\"width:259px;height:auto\" srcset=\"https:\/\/lecourtildequincieux.fr\/wp-content\/uploads\/2024\/08\/langfr-560px-Logo_Metropole_Lyon_-_2022.svg-4053701569.png 560w, https:\/\/lecourtildequincieux.fr\/wp-content\/uploads\/2024\/08\/langfr-560px-Logo_Metropole_Lyon_-_2022.svg-4053701569-300x105.png 300w\" sizes=\"(max-width: 560px) 100vw, 560px\" \/><\/figure>\n\n\n\n<div style=\"height:40px\" aria-hidden=\"true\" class=\"wp-block-spacer\"><\/div>\n\n\n\n<p><\/p>\n\n\n\n<h2 class=\"wp-block-heading\">La R\u00e9gion et l&rsquo;Europe<\/h2>\n\n\n\n<p>La R\u00e9gion et l&rsquo;Europe nous financent pour les investissements sur la ferme \u00e0 travers le programme Feader. Nous avons b\u00e9n\u00e9fici\u00e9 de la mesure Feader 205 pour investir dans un forage et r\u00e9seau d&rsquo;irrigation sur la ferme en 2023-2024, cofinanc\u00e9 par la M\u00e9tropole de Lyon.<\/p>\n\n\n\n<figure class=\"wp-block-image size-full\"><img loading=\"lazy\" decoding=\"async\" width=\"985\" height=\"112\" src=\"https:\/\/lecourtildequincieux.fr\/wp-content\/uploads\/2024\/08\/image.png\" alt=\"\" class=\"wp-image-1005\" srcset=\"https:\/\/lecourtildequincieux.fr\/wp-content\/uploads\/2024\/08\/image.png 985w, https:\/\/lecourtildequincieux.fr\/wp-content\/uploads\/2024\/08\/image-300x34.png 300w, https:\/\/lecourtildequincieux.fr\/wp-content\/uploads\/2024\/08\/image-768x87.png 768w\" sizes=\"(max-width: 985px) 100vw, 985px\" \/><\/figure>\n\n\n\n<p><a href=\"https:\/\/www.auvergnerhonealpes.fr\/\"><\/a><\/p>\n\n\n\n<div style=\"height:40px\" aria-hidden=\"true\" class=\"wp-block-spacer\"><\/div>\n\n\n\n<h2 class=\"wp-block-heading\">Rh\u00f4ne D\u00e9veloppement Initiative<\/h2>\n\n\n\n<p>Acteur de l\u2019\u00e9conomie locale, RDI est une association loi 1901 qui intervient aupr\u00e8s d\u2019entrepreneurs de mani\u00e8re gratuite au moment de la recherche de financements et durant les \u00e9tapes cl\u00e9s de la cr\u00e9ation, de la consolidation et du d\u00e9veloppement du projet. RDI nous accompagne sur les garanties bancaires et les pr\u00eats d&rsquo;honneur.<\/p>\n\n\n\n<figure class=\"wp-block-image size-full is-resized\"><img loading=\"lazy\" decoding=\"async\" width=\"323\" height=\"125\" src=\"https:\/\/lecourtildequincieux.fr\/wp-content\/uploads\/2024\/04\/logo-3896496709.png\" alt=\"\" class=\"wp-image-953\" style=\"width:auto;height:120px\" srcset=\"https:\/\/lecourtildequincieux.fr\/wp-content\/uploads\/2024\/04\/logo-3896496709.png 323w, https:\/\/lecourtildequincieux.fr\/wp-content\/uploads\/2024\/04\/logo-3896496709-300x116.png 300w\" sizes=\"(max-width: 323px) 100vw, 323px\" \/><\/figure>\n\n\n\n<p><\/p>\n\n\n\n<p><\/p>\n\n\n\n<h2 class=\"wp-block-heading\">Projets soutenus<\/h2>\n\n\n\n<h3 class=\"wp-block-heading\">Feader 205 &#8211; Irrigation<\/h3>\n\n\n\n<p>La ferme est soutenue en 2023-2024 \u00e0 hauteur de 11 289 \u20ac pour l&rsquo;investissement dans un r\u00e9seau d&rsquo;irrigation comprenant forage, station de pompage et irrigation goutte \u00e0 goutte pour le mara\u00eechage via le Fonds europ\u00e9en agricole pour le d\u00e9veloppement rural (FEADER) &#8211; mesure 205 (port\u00e9 par la r\u00e9gion Auvergne-Rh\u00f4ne-Alpes), avec un cofinancement de la M\u00e9tropole de Lyon.<br><\/p>\n\n\n\n<div class=\"wp-block-columns is-layout-flex wp-container-core-columns-is-layout-9d6595d7 wp-block-columns-is-layout-flex\">\n<div class=\"wp-block-column is-layout-flow wp-block-column-is-layout-flow\">\n<figure class=\"wp-block-image size-full is-resized\"><img loading=\"lazy\" decoding=\"async\" width=\"985\" height=\"112\" src=\"https:\/\/lecourtildequincieux.fr\/wp-content\/uploads\/2025\/02\/image.png\" alt=\"\" class=\"wp-image-1032\" style=\"width:395px;height:auto\" srcset=\"https:\/\/lecourtildequincieux.fr\/wp-content\/uploads\/2025\/02\/image.png 985w, https:\/\/lecourtildequincieux.fr\/wp-content\/uploads\/2025\/02\/image-300x34.png 300w, https:\/\/lecourtildequincieux.fr\/wp-content\/uploads\/2025\/02\/image-768x87.png 768w\" sizes=\"(max-width: 985px) 100vw, 985px\" \/><\/figure>\n<\/div>\n\n\n\n<div class=\"wp-block-column is-layout-flow wp-block-column-is-layout-flow\">\n<figure class=\"wp-block-image size-full is-resized\"><img loading=\"lazy\" decoding=\"async\" width=\"560\" height=\"196\" src=\"https:\/\/lecourtildequincieux.fr\/wp-content\/uploads\/2024\/08\/langfr-560px-Logo_Metropole_Lyon_-_2022.svg-4053701569.png\" alt=\"\" class=\"wp-image-1010\" style=\"width:123px;height:auto\" srcset=\"https:\/\/lecourtildequincieux.fr\/wp-content\/uploads\/2024\/08\/langfr-560px-Logo_Metropole_Lyon_-_2022.svg-4053701569.png 560w, https:\/\/lecourtildequincieux.fr\/wp-content\/uploads\/2024\/08\/langfr-560px-Logo_Metropole_Lyon_-_2022.svg-4053701569-300x105.png 300w\" sizes=\"(max-width: 560px) 100vw, 560px\" \/><\/figure>\n<\/div>\n<\/div>\n\n\n\n<h3 class=\"wp-block-heading\">Feader 203 &#8211; Serres<\/h3>\n\n\n\n<p>La ferme est soutenue en 2024-2025 \u00e0 hauteur de 57 418 \u20ac pour l&rsquo;investissement et pour le montage de 2 serres bitunnels via le Fonds europ\u00e9en agricole pour le d\u00e9veloppement rural (FEADER) &#8211; mesure 203 (port\u00e9 par la r\u00e9gion Auvergne-Rh\u00f4ne-Alpes), avec un cofinancement de la M\u00e9tropole de Lyon.<\/p>\n\n\n\n<div class=\"wp-block-columns is-layout-flex wp-container-core-columns-is-layout-9d6595d7 wp-block-columns-is-layout-flex\">\n<div class=\"wp-block-column is-layout-flow wp-block-column-is-layout-flow\">\n<figure class=\"wp-block-image size-full is-resized\"><img loading=\"lazy\" decoding=\"async\" width=\"985\" height=\"112\" src=\"https:\/\/lecourtildequincieux.fr\/wp-content\/uploads\/2025\/02\/image.png\" alt=\"\" class=\"wp-image-1032\" style=\"width:395px;height:auto\" srcset=\"https:\/\/lecourtildequincieux.fr\/wp-content\/uploads\/2025\/02\/image.png 985w, https:\/\/lecourtildequincieux.fr\/wp-content\/uploads\/2025\/02\/image-300x34.png 300w, https:\/\/lecourtildequincieux.fr\/wp-content\/uploads\/2025\/02\/image-768x87.png 768w\" sizes=\"(max-width: 985px) 100vw, 985px\" \/><\/figure>\n<\/div>\n\n\n\n<div class=\"wp-block-column is-layout-flow wp-block-column-is-layout-flow\">\n<figure class=\"wp-block-image size-full is-resized\"><img loading=\"lazy\" decoding=\"async\" width=\"560\" height=\"196\" src=\"https:\/\/lecourtildequincieux.fr\/wp-content\/uploads\/2024\/08\/langfr-560px-Logo_Metropole_Lyon_-_2022.svg-4053701569.png\" alt=\"\" class=\"wp-image-1010\" style=\"width:123px;height:auto\" srcset=\"https:\/\/lecourtildequincieux.fr\/wp-content\/uploads\/2024\/08\/langfr-560px-Logo_Metropole_Lyon_-_2022.svg-4053701569.png 560w, https:\/\/lecourtildequincieux.fr\/wp-content\/uploads\/2024\/08\/langfr-560px-Logo_Metropole_Lyon_-_2022.svg-4053701569-300x105.png 300w\" sizes=\"(max-width: 560px) 100vw, 560px\" \/><\/figure>\n<\/div>\n<\/div>\n\n\n\n<h3 class=\"wp-block-heading\">Fond d&rsquo;innovation sociale &#8211; Achat du foncier et du b\u00e2ti<\/h3>\n\n\n\n<p>La ferme est soutenue en 2024 \u00e0 hauteur de 10000 \u20ac pour financer le temps d&rsquo;ing\u00e9nierie de projet pour pr\u00e9parer l&rsquo;achat du b\u00e2ti et du foncier de la ferme dans une logique de communs, adapt\u00e9e au statut coop\u00e9ratif et non sp\u00e9culatif de la SCIC, par la Fondation pour l&rsquo;Innovation Sociale.<\/p>\n\n\n\n<div class=\"wp-block-columns is-layout-flex wp-container-core-columns-is-layout-9d6595d7 wp-block-columns-is-layout-flex\">\n<div class=\"wp-block-column is-layout-flow wp-block-column-is-layout-flow\">\n<figure class=\"wp-block-image size-large is-resized\"><img loading=\"lazy\" decoding=\"async\" width=\"1024\" height=\"1024\" src=\"https:\/\/lecourtildequincieux.fr\/wp-content\/uploads\/2025\/02\/FIS_Logo-1024x1024.png\" alt=\"\" class=\"wp-image-1035\" style=\"width:143px;height:auto\" srcset=\"https:\/\/lecourtildequincieux.fr\/wp-content\/uploads\/2025\/02\/FIS_Logo-1024x1024.png 1024w, https:\/\/lecourtildequincieux.fr\/wp-content\/uploads\/2025\/02\/FIS_Logo-300x300.png 300w, https:\/\/lecourtildequincieux.fr\/wp-content\/uploads\/2025\/02\/FIS_Logo-150x150.png 150w, https:\/\/lecourtildequincieux.fr\/wp-content\/uploads\/2025\/02\/FIS_Logo-768x768.png 768w, https:\/\/lecourtildequincieux.fr\/wp-content\/uploads\/2025\/02\/FIS_Logo-1536x1536.png 1536w, https:\/\/lecourtildequincieux.fr\/wp-content\/uploads\/2025\/02\/FIS_Logo.png 2000w\" sizes=\"(max-width: 1024px) 100vw, 1024px\" \/><\/figure>\n<\/div>\n\n\n\n<div class=\"wp-block-column is-layout-flow wp-block-column-is-layout-flow\"><\/div>\n<\/div>\n","protected":false},"excerpt":{"rendered":"<p>On ne construit pas un projet de ferme collective tout seul ! Nous avons la chance d&rsquo;\u00eatre accompagn\u00e9 par de [&hellip;]<\/p>\n","protected":false},"author":1,"featured_media":0,"parent":0,"menu_order":0,"comment_status":"closed","ping_status":"closed","template":"","meta":{"footnotes":""},"class_list":["post-286","page","type-page","status-publish","hentry"],"yoast_head":"<!-- This site is optimized with the Yoast SEO plugin v26.7 - https:\/\/yoast.com\/wordpress\/plugins\/seo\/ -->\n<title>Nos partenaires - Le Courtil - Quincieux<\/title>\n<meta name=\"robots\" content=\"index, follow, max-snippet:-1, max-image-preview:large, max-video-preview:-1\" \/>\n<link rel=\"canonical\" href=\"https:\/\/lecourtildequincieux.fr\/?page_id=286\" \/>\n<meta property=\"og:locale\" content=\"fr_FR\" \/>\n<meta property=\"og:type\" content=\"article\" \/>\n<meta property=\"og:title\" content=\"Nos partenaires - Le Courtil - Quincieux\" \/>\n<meta property=\"og:description\" content=\"On ne construit pas un projet de ferme collective tout seul ! Nous avons la chance d&rsquo;\u00eatre accompagn\u00e9 par de [&hellip;]\" \/>\n<meta property=\"og:url\" content=\"https:\/\/lecourtildequincieux.fr\/?page_id=286\" \/>\n<meta property=\"og:site_name\" content=\"Le Courtil - Quincieux\" \/>\n<meta property=\"article:modified_time\" content=\"2025-02-24T20:34:17+00:00\" \/>\n<meta property=\"og:image\" content=\"https:\/\/lesfermespartagees.coop\/wp-content\/uploads\/2022\/04\/LFP-Logo-couleurs-1.svg\" \/>\n<meta name=\"twitter:card\" content=\"summary_large_image\" \/>\n<meta name=\"twitter:label1\" content=\"Dur\u00e9e de lecture estim\u00e9e\" \/>\n\t<meta name=\"twitter:data1\" content=\"6 minutes\" \/>\n<script type=\"application\/ld+json\" class=\"yoast-schema-graph\">{\"@context\":\"https:\/\/schema.org\",\"@graph\":[{\"@type\":\"WebPage\",\"@id\":\"https:\/\/lecourtildequincieux.fr\/?page_id=286\",\"url\":\"https:\/\/lecourtildequincieux.fr\/?page_id=286\",\"name\":\"Nos partenaires - Le Courtil - Quincieux\",\"isPartOf\":{\"@id\":\"https:\/\/lecourtildequincieux.fr\/#website\"},\"primaryImageOfPage\":{\"@id\":\"https:\/\/lecourtildequincieux.fr\/?page_id=286#primaryimage\"},\"image\":{\"@id\":\"https:\/\/lecourtildequincieux.fr\/?page_id=286#primaryimage\"},\"thumbnailUrl\":\"https:\/\/lesfermespartagees.coop\/wp-content\/uploads\/2022\/04\/LFP-Logo-couleurs-1.svg\",\"datePublished\":\"2021-12-02T04:14:54+00:00\",\"dateModified\":\"2025-02-24T20:34:17+00:00\",\"breadcrumb\":{\"@id\":\"https:\/\/lecourtildequincieux.fr\/?page_id=286#breadcrumb\"},\"inLanguage\":\"fr-FR\",\"potentialAction\":[{\"@type\":\"ReadAction\",\"target\":[\"https:\/\/lecourtildequincieux.fr\/?page_id=286\"]}]},{\"@type\":\"ImageObject\",\"inLanguage\":\"fr-FR\",\"@id\":\"https:\/\/lecourtildequincieux.fr\/?page_id=286#primaryimage\",\"url\":\"https:\/\/lesfermespartagees.coop\/wp-content\/uploads\/2022\/04\/LFP-Logo-couleurs-1.svg\",\"contentUrl\":\"https:\/\/lesfermespartagees.coop\/wp-content\/uploads\/2022\/04\/LFP-Logo-couleurs-1.svg\"},{\"@type\":\"BreadcrumbList\",\"@id\":\"https:\/\/lecourtildequincieux.fr\/?page_id=286#breadcrumb\",\"itemListElement\":[{\"@type\":\"ListItem\",\"position\":1,\"name\":\"Accueil\",\"item\":\"https:\/\/lecourtildequincieux.fr\/\"},{\"@type\":\"ListItem\",\"position\":2,\"name\":\"Nos partenaires\"}]},{\"@type\":\"WebSite\",\"@id\":\"https:\/\/lecourtildequincieux.fr\/#website\",\"url\":\"https:\/\/lecourtildequincieux.fr\/\",\"name\":\"Le Courtil - Quincieux\",\"description\":\"Ferme collective en Val de Sa\u00f4ne\",\"publisher\":{\"@id\":\"https:\/\/lecourtildequincieux.fr\/#organization\"},\"potentialAction\":[{\"@type\":\"SearchAction\",\"target\":{\"@type\":\"EntryPoint\",\"urlTemplate\":\"https:\/\/lecourtildequincieux.fr\/?s={search_term_string}\"},\"query-input\":{\"@type\":\"PropertyValueSpecification\",\"valueRequired\":true,\"valueName\":\"search_term_string\"}}],\"inLanguage\":\"fr-FR\"},{\"@type\":\"Organization\",\"@id\":\"https:\/\/lecourtildequincieux.fr\/#organization\",\"name\":\"Le Courtil - Quincieux\",\"url\":\"https:\/\/lecourtildequincieux.fr\/\",\"logo\":{\"@type\":\"ImageObject\",\"inLanguage\":\"fr-FR\",\"@id\":\"https:\/\/lecourtildequincieux.fr\/#\/schema\/logo\/image\/\",\"url\":\"https:\/\/lecourtildequincieux.fr\/wp-content\/uploads\/2024\/04\/cropped-LogoLeCourtilLD.png\",\"contentUrl\":\"https:\/\/lecourtildequincieux.fr\/wp-content\/uploads\/2024\/04\/cropped-LogoLeCourtilLD.png\",\"width\":250,\"height\":94,\"caption\":\"Le Courtil - Quincieux\"},\"image\":{\"@id\":\"https:\/\/lecourtildequincieux.fr\/#\/schema\/logo\/image\/\"}}]}<\/script>\n<!-- \/ Yoast SEO plugin. -->","yoast_head_json":{"title":"Nos partenaires - Le Courtil - Quincieux","robots":{"index":"index","follow":"follow","max-snippet":"max-snippet:-1","max-image-preview":"max-image-preview:large","max-video-preview":"max-video-preview:-1"},"canonical":"https:\/\/lecourtildequincieux.fr\/?page_id=286","og_locale":"fr_FR","og_type":"article","og_title":"Nos partenaires - Le Courtil - Quincieux","og_description":"On ne construit pas un projet de ferme collective tout seul ! Nous avons la chance d&rsquo;\u00eatre accompagn\u00e9 par de [&hellip;]","og_url":"https:\/\/lecourtildequincieux.fr\/?page_id=286","og_site_name":"Le Courtil - Quincieux","article_modified_time":"2025-02-24T20:34:17+00:00","og_image":[{"url":"https:\/\/lesfermespartagees.coop\/wp-content\/uploads\/2022\/04\/LFP-Logo-couleurs-1.svg","type":"","width":"","height":""}],"twitter_card":"summary_large_image","twitter_misc":{"Dur\u00e9e de lecture estim\u00e9e":"6 minutes"},"schema":{"@context":"https:\/\/schema.org","@graph":[{"@type":"WebPage","@id":"https:\/\/lecourtildequincieux.fr\/?page_id=286","url":"https:\/\/lecourtildequincieux.fr\/?page_id=286","name":"Nos partenaires - Le Courtil - Quincieux","isPartOf":{"@id":"https:\/\/lecourtildequincieux.fr\/#website"},"primaryImageOfPage":{"@id":"https:\/\/lecourtildequincieux.fr\/?page_id=286#primaryimage"},"image":{"@id":"https:\/\/lecourtildequincieux.fr\/?page_id=286#primaryimage"},"thumbnailUrl":"https:\/\/lesfermespartagees.coop\/wp-content\/uploads\/2022\/04\/LFP-Logo-couleurs-1.svg","datePublished":"2021-12-02T04:14:54+00:00","dateModified":"2025-02-24T20:34:17+00:00","breadcrumb":{"@id":"https:\/\/lecourtildequincieux.fr\/?page_id=286#breadcrumb"},"inLanguage":"fr-FR","potentialAction":[{"@type":"ReadAction","target":["https:\/\/lecourtildequincieux.fr\/?page_id=286"]}]},{"@type":"ImageObject","inLanguage":"fr-FR","@id":"https:\/\/lecourtildequincieux.fr\/?page_id=286#primaryimage","url":"https:\/\/lesfermespartagees.coop\/wp-content\/uploads\/2022\/04\/LFP-Logo-couleurs-1.svg","contentUrl":"https:\/\/lesfermespartagees.coop\/wp-content\/uploads\/2022\/04\/LFP-Logo-couleurs-1.svg"},{"@type":"BreadcrumbList","@id":"https:\/\/lecourtildequincieux.fr\/?page_id=286#breadcrumb","itemListElement":[{"@type":"ListItem","position":1,"name":"Accueil","item":"https:\/\/lecourtildequincieux.fr\/"},{"@type":"ListItem","position":2,"name":"Nos partenaires"}]},{"@type":"WebSite","@id":"https:\/\/lecourtildequincieux.fr\/#website","url":"https:\/\/lecourtildequincieux.fr\/","name":"Le Courtil - Quincieux","description":"Ferme collective en Val de Sa\u00f4ne","publisher":{"@id":"https:\/\/lecourtildequincieux.fr\/#organization"},"potentialAction":[{"@type":"SearchAction","target":{"@type":"EntryPoint","urlTemplate":"https:\/\/lecourtildequincieux.fr\/?s={search_term_string}"},"query-input":{"@type":"PropertyValueSpecification","valueRequired":true,"valueName":"search_term_string"}}],"inLanguage":"fr-FR"},{"@type":"Organization","@id":"https:\/\/lecourtildequincieux.fr\/#organization","name":"Le Courtil - Quincieux","url":"https:\/\/lecourtildequincieux.fr\/","logo":{"@type":"ImageObject","inLanguage":"fr-FR","@id":"https:\/\/lecourtildequincieux.fr\/#\/schema\/logo\/image\/","url":"https:\/\/lecourtildequincieux.fr\/wp-content\/uploads\/2024\/04\/cropped-LogoLeCourtilLD.png","contentUrl":"https:\/\/lecourtildequincieux.fr\/wp-content\/uploads\/2024\/04\/cropped-LogoLeCourtilLD.png","width":250,"height":94,"caption":"Le Courtil - Quincieux"},"image":{"@id":"https:\/\/lecourtildequincieux.fr\/#\/schema\/logo\/image\/"}}]}},"_links":{"self":[{"href":"https:\/\/lecourtildequincieux.fr\/index.php?rest_route=\/wp\/v2\/pages\/286","targetHints":{"allow":["GET"]}}],"collection":[{"href":"https:\/\/lecourtildequincieux.fr\/index.php?rest_route=\/wp\/v2\/pages"}],"about":[{"href":"https:\/\/lecourtildequincieux.fr\/index.php?rest_route=\/wp\/v2\/types\/page"}],"author":[{"embeddable":true,"href":"https:\/\/lecourtildequincieux.fr\/index.php?rest_route=\/wp\/v2\/users\/1"}],"replies":[{"embeddable":true,"href":"https:\/\/lecourtildequincieux.fr\/index.php?rest_route=%2Fwp%2Fv2%2Fcomments&post=286"}],"version-history":[{"count":8,"href":"https:\/\/lecourtildequincieux.fr\/index.php?rest_route=\/wp\/v2\/pages\/286\/revisions"}],"predecessor-version":[{"id":1036,"href":"https:\/\/lecourtildequincieux.fr\/index.php?rest_route=\/wp\/v2\/pages\/286\/revisions\/1036"}],"wp:attachment":[{"href":"https:\/\/lecourtildequincieux.fr\/index.php?rest_route=%2Fwp%2Fv2%2Fmedia&parent=286"}],"curies":[{"name":"wp","href":"https:\/\/api.w.org\/{rel}","templated":true}]}}