{"id":854,"date":"2024-04-18T09:45:04","date_gmt":"2024-04-18T07:45:04","guid":{"rendered":"https:\/\/lecourtildequincieux.fr\/?page_id=854"},"modified":"2024-04-18T09:45:05","modified_gmt":"2024-04-18T07:45:05","slug":"historique-du-projet","status":"publish","type":"page","link":"https:\/\/lecourtildequincieux.fr\/?page_id=854","title":{"rendered":"Historique du projet"},"content":{"rendered":"\n<p><strong>En janvier 2023, Nicolas s\u2019installe sur la ferme<\/strong>, suite au d\u00e9part \u00e0 la retraite des c\u00e9dants. Le projet est accompagn\u00e9 par la Chambre d\u2019Agriculture dans le cadre d\u2019une demande de DJA (la fameuse dotation jeune agriculteur). D\u00e8s le d\u00e9but, ce projet a une vocation collective&nbsp;; Nicolas choisit le format soci\u00e9taire (EARL) pour faciliter l\u2019\u00e9volution vers un projet collectif.<\/p>\n\n\n\n<p>La recherche d\u2019associ\u00e9s sur 2022 aboutit \u00e0 la <strong>cr\u00e9ation d\u2019un collectif de 5 personnes<\/strong> autour du projet, chacun \u00e9tant alors porteur.se de projet individuel. Le collectif en formation se fait accompagner par des structures sp\u00e9cialis\u00e9es d\u00e8s le d\u00e9marrage. Depuis janvier 2023, la Scic <a href=\"https:\/\/lesfermespartagees.coop\/\">Les Fermes Partag\u00e9es<\/a>, financ\u00e9es par la M\u00e9tropole de Lyon, nous accompagne pour expliciter le projet global, les attentes, les craintes et le niveau de mutualisation souhait\u00e9. S\u00e9lectionn\u00e9 dans l\u2019appel \u00e0 projets <a href=\"https:\/\/premices.coop\/accompagnement\">Pr\u00e9mices de l\u2019URSCOP<\/a> en mai 2023, le collectif est accompagn\u00e9 dans le montage de son projet \u00e9conomique, juridique et financier de la Scic.<\/p>\n\n\n\n<p>Parall\u00e8le au montage th\u00e9orique, les associ\u00e9s Camille, Fran\u00e7ois, Nicolas, Johan, Julie apprennent \u00e0 travailler ensemble depuis la reprise de la ferme, pour tester la collaboration sur le terrain, dans ses bons et ses mauvais c\u00f4t\u00e9s, dans les p\u00e9riodes calmes, comme dans les pics de production.<\/p>\n\n\n\n<p>Le projet d\u2019association se pr\u00e9cise alors\u00a0: l\u2019EARL se transformera en Scic en mars 2024 pour accueillir les autres associ\u00e9s.<\/p>\n\n\n\n<figure class=\"wp-block-gallery has-nested-images columns-default is-cropped wp-block-gallery-1 is-layout-flex wp-block-gallery-is-layout-flex\">\n<figure class=\"wp-block-image size-large\"><img fetchpriority=\"high\" decoding=\"async\" width=\"1024\" height=\"768\" data-id=\"750\" src=\"https:\/\/lecourtildequincieux.fr\/wp-content\/uploads\/2024\/04\/20230307_143138-1024x768.jpg\" alt=\"Plantation Pommes de terre Courtil\" class=\"wp-image-750\" srcset=\"https:\/\/lecourtildequincieux.fr\/wp-content\/uploads\/2024\/04\/20230307_143138-1024x768.jpg 1024w, https:\/\/lecourtildequincieux.fr\/wp-content\/uploads\/2024\/04\/20230307_143138-300x225.jpg 300w, https:\/\/lecourtildequincieux.fr\/wp-content\/uploads\/2024\/04\/20230307_143138-768x576.jpg 768w, https:\/\/lecourtildequincieux.fr\/wp-content\/uploads\/2024\/04\/20230307_143138-1536x1152.jpg 1536w, https:\/\/lecourtildequincieux.fr\/wp-content\/uploads\/2024\/04\/20230307_143138-2048x1536.jpg 2048w\" sizes=\"(max-width: 1024px) 100vw, 1024px\" \/><\/figure>\n\n\n\n<figure class=\"wp-block-image size-large\"><img decoding=\"async\" width=\"1024\" height=\"768\" data-id=\"651\" src=\"https:\/\/lecourtildequincieux.fr\/wp-content\/uploads\/2024\/04\/WhatsApp-Image-2024-04-07-a-23.02.25_15da1d78-1024x768.jpg\" alt=\"Tracteur Courges Courtil de Quincieux\" class=\"wp-image-651\" srcset=\"https:\/\/lecourtildequincieux.fr\/wp-content\/uploads\/2024\/04\/WhatsApp-Image-2024-04-07-a-23.02.25_15da1d78-1024x768.jpg 1024w, https:\/\/lecourtildequincieux.fr\/wp-content\/uploads\/2024\/04\/WhatsApp-Image-2024-04-07-a-23.02.25_15da1d78-300x225.jpg 300w, https:\/\/lecourtildequincieux.fr\/wp-content\/uploads\/2024\/04\/WhatsApp-Image-2024-04-07-a-23.02.25_15da1d78-768x576.jpg 768w, https:\/\/lecourtildequincieux.fr\/wp-content\/uploads\/2024\/04\/WhatsApp-Image-2024-04-07-a-23.02.25_15da1d78-1536x1152.jpg 1536w, https:\/\/lecourtildequincieux.fr\/wp-content\/uploads\/2024\/04\/WhatsApp-Image-2024-04-07-a-23.02.25_15da1d78.jpg 2048w\" sizes=\"(max-width: 1024px) 100vw, 1024px\" \/><\/figure>\n\n\n\n<figure class=\"wp-block-image size-large\"><img decoding=\"async\" width=\"1024\" height=\"768\" data-id=\"650\" src=\"https:\/\/lecourtildequincieux.fr\/wp-content\/uploads\/2024\/04\/WhatsApp-Image-2024-04-07-a-23.02.24_ecfe1ef9.jpg\" alt=\"Vente Ferme Le Courtil\" class=\"wp-image-650\" srcset=\"https:\/\/lecourtildequincieux.fr\/wp-content\/uploads\/2024\/04\/WhatsApp-Image-2024-04-07-a-23.02.24_ecfe1ef9.jpg 1024w, https:\/\/lecourtildequincieux.fr\/wp-content\/uploads\/2024\/04\/WhatsApp-Image-2024-04-07-a-23.02.24_ecfe1ef9-300x225.jpg 300w, https:\/\/lecourtildequincieux.fr\/wp-content\/uploads\/2024\/04\/WhatsApp-Image-2024-04-07-a-23.02.24_ecfe1ef9-768x576.jpg 768w\" sizes=\"(max-width: 1024px) 100vw, 1024px\" \/><\/figure>\n<\/figure>\n\n\n\n<div style=\"height:60px\" aria-hidden=\"true\" class=\"wp-block-spacer\"><\/div>\n\n\n\n<h2 class=\"wp-block-heading\"><strong>C&rsquo;est quoi SCIC &#8211; Soci\u00e9t\u00e9 Coop\u00e9rative d&rsquo;int\u00e9r\u00eat collectif ?<\/strong><\/h2>\n\n\n\n<p>Le mod\u00e8le de la Scic, soci\u00e9t\u00e9 coop\u00e9rative d\u2019int\u00e9r\u00eat collectif, s\u2019est petit \u00e0 petit impos\u00e9 \u00e0 nous au cours de l\u2019accompagnement collectif pour les raisons d\u00e9taill\u00e9es plus haut. Nous pouvons retenir les raisons principales suivantes&nbsp;:<\/p>\n\n\n\n<ul class=\"wp-block-list\">\n<li>Ce statut Scic permet d\u2019associer toute personne physique ou morale de droit priv\u00e9 ou de droit public autour d\u2019un projet commun, tr\u00e8s int\u00e9ressant pour un projet de territoire.<\/li>\n\n\n\n<li>Le caract\u00e8re collectif et la gouvernance associ\u00e9e facilite l\u2019entr\u00e9e et le maintien dans le monde agricole, en mutualisant les investissements en mat\u00e9riel et b\u00e2ti et en accompagnant la mont\u00e9e en comp\u00e9tence.<\/li>\n\n\n\n<li>Le statut d\u2019associ\u00e9-salari\u00e9 permet de meilleurs droits sociaux pour les exploitants et facilite la gestion de temps partiels en fonction des phases de vie des associ\u00e9s.<\/li>\n<\/ul>\n\n\n\n<h2 class=\"wp-block-heading\"><strong>Les sp\u00e9cificit\u00e9s du statut Scic en agriculture<\/strong><\/h2>\n\n\n\n<p><strong>Les Scic reconnues comme entreprises agricoles<\/strong> &#8211; Si le statut des Scic existe depuis 2001, il ne commence \u00e0 \u00eatre vraiment reconnu qu\u2019en 2023 comme statut pleinement agricole. Le<a href=\"https:\/\/www.legifrance.gouv.fr\/jorf\/id\/JORFTEXT000047541953\" target=\"_blank\" rel=\"noreferrer noopener\"> D\u00e9cret n\u00b0 2023-366 du 13 mai 2023 portant modification de la d\u00e9finition de l&rsquo;agriculteur actif <\/a>\u00e9largit la d\u00e9finition de l&rsquo;agriculteur actif en int\u00e9grant les formes SCOP et Scic. Voici le lien vers l\u2019<a href=\"https:\/\/www.legifrance.gouv.fr\/codes\/article_lc\/LEGIARTI000046864539\" target=\"_blank\" rel=\"noreferrer noopener\">article du Code Rura<\/a>l int\u00e9grant ces modifications apportant ainsi une reconnaissance des SCOP et des Scic comme des statuts existants en agriculture et pouvant b\u00e9n\u00e9ficier des m\u00eames aides que les autres formes agricoles.<\/p>\n\n\n\n<p><strong>Un statut peu connu, pourtant d\u00e9j\u00e0 pr\u00e9sent en agriculture &#8211; <\/strong>Les Scic, SCOP et CAE se d\u00e9veloppent depuis deux d\u00e9cennies dans le monde agricole. Elles s\u2019accompagnent souvent de montages complexes avec d\u2019autres entreprises (EARL, GFA, GAEC, SCEA, SARL, \u2026) car jusqu\u2019\u00e0 mai 2023, les Scic n\u2019\u00e9taient pas \u00e9ligibles \u00e0 la plupart des aides agricoles. Quelques exemples de fermes fonctionnant sur ce mod\u00e8le&nbsp;coop\u00e9ratif&nbsp;: <a href=\"https:\/\/www.laclefdessables.fr\/lafermecollective\">La Cl\u00e9 des Sables (38),<\/a> <a href=\"https:\/\/www.fermedechalonne.fr\/\">La Ferme de Chalonne (38)<\/a>, <a href=\"https:\/\/www.fermedesvolonteux.com\/les-volonteux\">La Ferme des Volonteux (26)<\/a>. Ma\u00ebla Na\u00ebl, dans son livre <em>Fermes collectives, le guide (tr\u00e8s) pratique<\/em> dresse le portrait et le fonctionnement d\u2019autres fermes collectives en Scic, SCOP ou CAE, ou s\u2019inspirant de ce mod\u00e8le.<\/p>\n\n\n\n<h2 class=\"wp-block-heading\"><strong>Les soci\u00e9taires<\/strong><\/h2>\n\n\n\n<p>Nous avons d\u00e9fini plusieurs cat\u00e9gories d\u2019acteurs. Le coll\u00e8ge rassemblant les producteurs int\u00e9gr\u00e9s de la Scic et les producteurs h\u00e9berg\u00e9s aura au moins 51% des voix pour garantir que la Scic s\u2019inscrit bien sur un projet agricole \u00e0 court et long terme.<\/p>\n\n\n\n<p><strong>Les producteurs<\/strong><\/p>\n\n\n\n<ul class=\"wp-block-list\">\n<li>Nicolas, arboriculture\/cultures de plein champ<\/li>\n\n\n\n<li>Johan, apiculture<\/li>\n\n\n\n<li>Camille, mara\u00eechage<\/li>\n\n\n\n<li>Julie, plantes aromatiques et m\u00e9dicinales<\/li>\n<\/ul>\n\n\n\n<div class=\"wp-block-columns is-layout-flex wp-container-core-columns-is-layout-9d6595d7 wp-block-columns-is-layout-flex\">\n<div class=\"wp-block-column is-layout-flow wp-block-column-is-layout-flow\">\n<div class=\"wp-block-columns is-layout-flex wp-container-core-columns-is-layout-9d6595d7 wp-block-columns-is-layout-flex\">\n<div class=\"wp-block-column is-layout-flow wp-block-column-is-layout-flow\"><div class=\"wp-block-image\">\n<figure class=\"aligncenter size-full\"><img loading=\"lazy\" decoding=\"async\" width=\"85\" height=\"113\" src=\"http:\/\/lecourtildequincieux.fr\/wp-content\/uploads\/2024\/04\/image.png\" alt=\"Nicolas Le Courtil de Quincieux\" class=\"wp-image-858\"\/><\/figure>\n<\/div><\/div>\n\n\n\n<div class=\"wp-block-column is-layout-flow wp-block-column-is-layout-flow\"><div class=\"wp-block-image\">\n<figure class=\"aligncenter size-full\"><img loading=\"lazy\" decoding=\"async\" width=\"85\" height=\"114\" src=\"http:\/\/lecourtildequincieux.fr\/wp-content\/uploads\/2024\/04\/image-2.png\" alt=\"Camille Le Courtil de Quincieux\" class=\"wp-image-860\"\/><\/figure>\n<\/div><\/div>\n<\/div>\n<\/div>\n\n\n\n<div class=\"wp-block-column is-layout-flow wp-block-column-is-layout-flow\">\n<div class=\"wp-block-columns is-layout-flex wp-container-core-columns-is-layout-9d6595d7 wp-block-columns-is-layout-flex\">\n<div class=\"wp-block-column is-layout-flow wp-block-column-is-layout-flow\"><div class=\"wp-block-image\">\n<figure class=\"aligncenter size-full\"><img loading=\"lazy\" decoding=\"async\" width=\"85\" height=\"114\" src=\"http:\/\/lecourtildequincieux.fr\/wp-content\/uploads\/2024\/04\/image-1.png\" alt=\"Johan Le Courtil de Quincieux\" class=\"wp-image-859\"\/><\/figure>\n<\/div><\/div>\n\n\n\n<div class=\"wp-block-column is-layout-flow wp-block-column-is-layout-flow\"><div class=\"wp-block-image\">\n<figure class=\"aligncenter size-full\"><img loading=\"lazy\" decoding=\"async\" width=\"85\" height=\"113\" src=\"http:\/\/lecourtildequincieux.fr\/wp-content\/uploads\/2024\/04\/image-3.png\" alt=\"Julie Le Courtil de Quincieux\" class=\"wp-image-861\"\/><\/figure>\n<\/div><\/div>\n<\/div>\n<\/div>\n<\/div>\n","protected":false},"excerpt":{"rendered":"<p>En janvier 2023, Nicolas s\u2019installe sur la ferme, suite au d\u00e9part \u00e0 la retraite des c\u00e9dants. Le projet est accompagn\u00e9 [&hellip;]<\/p>\n","protected":false},"author":1,"featured_media":0,"parent":0,"menu_order":0,"comment_status":"closed","ping_status":"closed","template":"","meta":{"footnotes":""},"class_list":["post-854","page","type-page","status-publish","hentry"],"yoast_head":"<!-- This site is optimized with the Yoast SEO plugin v26.7 - https:\/\/yoast.com\/wordpress\/plugins\/seo\/ -->\n<title>Historique du projet - Le Courtil - Quincieux<\/title>\n<meta name=\"robots\" content=\"index, follow, max-snippet:-1, max-image-preview:large, max-video-preview:-1\" \/>\n<link rel=\"canonical\" href=\"https:\/\/lecourtildequincieux.fr\/?page_id=854\" \/>\n<meta property=\"og:locale\" content=\"fr_FR\" \/>\n<meta property=\"og:type\" content=\"article\" \/>\n<meta property=\"og:title\" content=\"Historique du projet - Le Courtil - Quincieux\" \/>\n<meta property=\"og:description\" content=\"En janvier 2023, Nicolas s\u2019installe sur la ferme, suite au d\u00e9part \u00e0 la retraite des c\u00e9dants. Le projet est accompagn\u00e9 [&hellip;]\" \/>\n<meta property=\"og:url\" content=\"https:\/\/lecourtildequincieux.fr\/?page_id=854\" \/>\n<meta property=\"og:site_name\" content=\"Le Courtil - Quincieux\" \/>\n<meta property=\"article:modified_time\" content=\"2024-04-18T07:45:05+00:00\" \/>\n<meta property=\"og:image\" content=\"https:\/\/lecourtildequincieux.fr\/wp-content\/uploads\/2024\/04\/20230307_143138-1024x768.jpg\" \/>\n<meta name=\"twitter:card\" content=\"summary_large_image\" \/>\n<meta name=\"twitter:label1\" content=\"Dur\u00e9e de lecture estim\u00e9e\" \/>\n\t<meta name=\"twitter:data1\" content=\"5 minutes\" \/>\n<script type=\"application\/ld+json\" class=\"yoast-schema-graph\">{\"@context\":\"https:\/\/schema.org\",\"@graph\":[{\"@type\":\"WebPage\",\"@id\":\"https:\/\/lecourtildequincieux.fr\/?page_id=854\",\"url\":\"https:\/\/lecourtildequincieux.fr\/?page_id=854\",\"name\":\"Historique du projet - Le Courtil - Quincieux\",\"isPartOf\":{\"@id\":\"https:\/\/lecourtildequincieux.fr\/#website\"},\"primaryImageOfPage\":{\"@id\":\"https:\/\/lecourtildequincieux.fr\/?page_id=854#primaryimage\"},\"image\":{\"@id\":\"https:\/\/lecourtildequincieux.fr\/?page_id=854#primaryimage\"},\"thumbnailUrl\":\"https:\/\/lecourtildequincieux.fr\/wp-content\/uploads\/2024\/04\/20230307_143138-1024x768.jpg\",\"datePublished\":\"2024-04-18T07:45:04+00:00\",\"dateModified\":\"2024-04-18T07:45:05+00:00\",\"breadcrumb\":{\"@id\":\"https:\/\/lecourtildequincieux.fr\/?page_id=854#breadcrumb\"},\"inLanguage\":\"fr-FR\",\"potentialAction\":[{\"@type\":\"ReadAction\",\"target\":[\"https:\/\/lecourtildequincieux.fr\/?page_id=854\"]}]},{\"@type\":\"ImageObject\",\"inLanguage\":\"fr-FR\",\"@id\":\"https:\/\/lecourtildequincieux.fr\/?page_id=854#primaryimage\",\"url\":\"https:\/\/lecourtildequincieux.fr\/wp-content\/uploads\/2024\/04\/20230307_143138-scaled.jpg\",\"contentUrl\":\"https:\/\/lecourtildequincieux.fr\/wp-content\/uploads\/2024\/04\/20230307_143138-scaled.jpg\",\"width\":2560,\"height\":1920,\"caption\":\"Plantation Pommes de terre Courtil\"},{\"@type\":\"BreadcrumbList\",\"@id\":\"https:\/\/lecourtildequincieux.fr\/?page_id=854#breadcrumb\",\"itemListElement\":[{\"@type\":\"ListItem\",\"position\":1,\"name\":\"Accueil\",\"item\":\"https:\/\/lecourtildequincieux.fr\/\"},{\"@type\":\"ListItem\",\"position\":2,\"name\":\"Historique du projet\"}]},{\"@type\":\"WebSite\",\"@id\":\"https:\/\/lecourtildequincieux.fr\/#website\",\"url\":\"https:\/\/lecourtildequincieux.fr\/\",\"name\":\"Le Courtil - Quincieux\",\"description\":\"Ferme collective en Val de Sa\u00f4ne\",\"publisher\":{\"@id\":\"https:\/\/lecourtildequincieux.fr\/#organization\"},\"potentialAction\":[{\"@type\":\"SearchAction\",\"target\":{\"@type\":\"EntryPoint\",\"urlTemplate\":\"https:\/\/lecourtildequincieux.fr\/?s={search_term_string}\"},\"query-input\":{\"@type\":\"PropertyValueSpecification\",\"valueRequired\":true,\"valueName\":\"search_term_string\"}}],\"inLanguage\":\"fr-FR\"},{\"@type\":\"Organization\",\"@id\":\"https:\/\/lecourtildequincieux.fr\/#organization\",\"name\":\"Le Courtil - Quincieux\",\"url\":\"https:\/\/lecourtildequincieux.fr\/\",\"logo\":{\"@type\":\"ImageObject\",\"inLanguage\":\"fr-FR\",\"@id\":\"https:\/\/lecourtildequincieux.fr\/#\/schema\/logo\/image\/\",\"url\":\"https:\/\/lecourtildequincieux.fr\/wp-content\/uploads\/2024\/04\/cropped-LogoLeCourtilLD.png\",\"contentUrl\":\"https:\/\/lecourtildequincieux.fr\/wp-content\/uploads\/2024\/04\/cropped-LogoLeCourtilLD.png\",\"width\":250,\"height\":94,\"caption\":\"Le Courtil - Quincieux\"},\"image\":{\"@id\":\"https:\/\/lecourtildequincieux.fr\/#\/schema\/logo\/image\/\"}}]}<\/script>\n<!-- \/ Yoast SEO plugin. -->","yoast_head_json":{"title":"Historique du projet - Le Courtil - Quincieux","robots":{"index":"index","follow":"follow","max-snippet":"max-snippet:-1","max-image-preview":"max-image-preview:large","max-video-preview":"max-video-preview:-1"},"canonical":"https:\/\/lecourtildequincieux.fr\/?page_id=854","og_locale":"fr_FR","og_type":"article","og_title":"Historique du projet - Le Courtil - Quincieux","og_description":"En janvier 2023, Nicolas s\u2019installe sur la ferme, suite au d\u00e9part \u00e0 la retraite des c\u00e9dants. Le projet est accompagn\u00e9 [&hellip;]","og_url":"https:\/\/lecourtildequincieux.fr\/?page_id=854","og_site_name":"Le Courtil - Quincieux","article_modified_time":"2024-04-18T07:45:05+00:00","og_image":[{"url":"https:\/\/lecourtildequincieux.fr\/wp-content\/uploads\/2024\/04\/20230307_143138-1024x768.jpg","type":"","width":"","height":""}],"twitter_card":"summary_large_image","twitter_misc":{"Dur\u00e9e de lecture estim\u00e9e":"5 minutes"},"schema":{"@context":"https:\/\/schema.org","@graph":[{"@type":"WebPage","@id":"https:\/\/lecourtildequincieux.fr\/?page_id=854","url":"https:\/\/lecourtildequincieux.fr\/?page_id=854","name":"Historique du projet - Le Courtil - Quincieux","isPartOf":{"@id":"https:\/\/lecourtildequincieux.fr\/#website"},"primaryImageOfPage":{"@id":"https:\/\/lecourtildequincieux.fr\/?page_id=854#primaryimage"},"image":{"@id":"https:\/\/lecourtildequincieux.fr\/?page_id=854#primaryimage"},"thumbnailUrl":"https:\/\/lecourtildequincieux.fr\/wp-content\/uploads\/2024\/04\/20230307_143138-1024x768.jpg","datePublished":"2024-04-18T07:45:04+00:00","dateModified":"2024-04-18T07:45:05+00:00","breadcrumb":{"@id":"https:\/\/lecourtildequincieux.fr\/?page_id=854#breadcrumb"},"inLanguage":"fr-FR","potentialAction":[{"@type":"ReadAction","target":["https:\/\/lecourtildequincieux.fr\/?page_id=854"]}]},{"@type":"ImageObject","inLanguage":"fr-FR","@id":"https:\/\/lecourtildequincieux.fr\/?page_id=854#primaryimage","url":"https:\/\/lecourtildequincieux.fr\/wp-content\/uploads\/2024\/04\/20230307_143138-scaled.jpg","contentUrl":"https:\/\/lecourtildequincieux.fr\/wp-content\/uploads\/2024\/04\/20230307_143138-scaled.jpg","width":2560,"height":1920,"caption":"Plantation Pommes de terre Courtil"},{"@type":"BreadcrumbList","@id":"https:\/\/lecourtildequincieux.fr\/?page_id=854#breadcrumb","itemListElement":[{"@type":"ListItem","position":1,"name":"Accueil","item":"https:\/\/lecourtildequincieux.fr\/"},{"@type":"ListItem","position":2,"name":"Historique du projet"}]},{"@type":"WebSite","@id":"https:\/\/lecourtildequincieux.fr\/#website","url":"https:\/\/lecourtildequincieux.fr\/","name":"Le Courtil - Quincieux","description":"Ferme collective en Val de Sa\u00f4ne","publisher":{"@id":"https:\/\/lecourtildequincieux.fr\/#organization"},"potentialAction":[{"@type":"SearchAction","target":{"@type":"EntryPoint","urlTemplate":"https:\/\/lecourtildequincieux.fr\/?s={search_term_string}"},"query-input":{"@type":"PropertyValueSpecification","valueRequired":true,"valueName":"search_term_string"}}],"inLanguage":"fr-FR"},{"@type":"Organization","@id":"https:\/\/lecourtildequincieux.fr\/#organization","name":"Le Courtil - Quincieux","url":"https:\/\/lecourtildequincieux.fr\/","logo":{"@type":"ImageObject","inLanguage":"fr-FR","@id":"https:\/\/lecourtildequincieux.fr\/#\/schema\/logo\/image\/","url":"https:\/\/lecourtildequincieux.fr\/wp-content\/uploads\/2024\/04\/cropped-LogoLeCourtilLD.png","contentUrl":"https:\/\/lecourtildequincieux.fr\/wp-content\/uploads\/2024\/04\/cropped-LogoLeCourtilLD.png","width":250,"height":94,"caption":"Le Courtil - Quincieux"},"image":{"@id":"https:\/\/lecourtildequincieux.fr\/#\/schema\/logo\/image\/"}}]}},"_links":{"self":[{"href":"https:\/\/lecourtildequincieux.fr\/index.php?rest_route=\/wp\/v2\/pages\/854","targetHints":{"allow":["GET"]}}],"collection":[{"href":"https:\/\/lecourtildequincieux.fr\/index.php?rest_route=\/wp\/v2\/pages"}],"about":[{"href":"https:\/\/lecourtildequincieux.fr\/index.php?rest_route=\/wp\/v2\/types\/page"}],"author":[{"embeddable":true,"href":"https:\/\/lecourtildequincieux.fr\/index.php?rest_route=\/wp\/v2\/users\/1"}],"replies":[{"embeddable":true,"href":"https:\/\/lecourtildequincieux.fr\/index.php?rest_route=%2Fwp%2Fv2%2Fcomments&post=854"}],"version-history":[{"count":1,"href":"https:\/\/lecourtildequincieux.fr\/index.php?rest_route=\/wp\/v2\/pages\/854\/revisions"}],"predecessor-version":[{"id":862,"href":"https:\/\/lecourtildequincieux.fr\/index.php?rest_route=\/wp\/v2\/pages\/854\/revisions\/862"}],"wp:attachment":[{"href":"https:\/\/lecourtildequincieux.fr\/index.php?rest_route=%2Fwp%2Fv2%2Fmedia&parent=854"}],"curies":[{"name":"wp","href":"https:\/\/api.w.org\/{rel}","templated":true}]}}